{"id":23321,"date":"2023-07-10T14:54:43","date_gmt":"2023-07-10T14:54:43","guid":{"rendered":"https:\/\/ilussorent.hu\/?page_id=23321"},"modified":"2023-07-13T12:45:57","modified_gmt":"2023-07-13T12:45:57","slug":"adatvedelmi-nyilatkozat","status":"publish","type":"page","link":"https:\/\/ilussorent.hu\/en\/adatvedelmi-nyilatkozat\/","title":{"rendered":"Adatv\u00e9delmi Nyilatkozat"},"content":{"rendered":"<div data-elementor-type=\"wp-page\" data-elementor-id=\"23321\" class=\"elementor elementor-23321\" data-elementor-post-type=\"page\">\n\t\t\t\t\t\t\t\t\t<section data-particle_enable=\"false\" data-particle-mobile-disabled=\"false\" class=\"elementor-section elementor-top-section elementor-element elementor-element-a2065c3 elementor-section-height-min-height elementor-section-boxed elementor-section-height-default elementor-section-items-middle\" data-id=\"a2065c3\" data-element_type=\"section\" data-settings=\"{&quot;background_background&quot;:&quot;classic&quot;}\">\n\t\t\t\t\t\t\t<div class=\"elementor-background-overlay\"><\/div>\n\t\t\t\t\t\t\t<div class=\"elementor-container elementor-column-gap-default\">\n\t\t\t\t\t<div class=\"elementor-column elementor-col-100 elementor-top-column elementor-element elementor-element-e0f19bc\" data-id=\"e0f19bc\" data-element_type=\"column\">\n\t\t\t<div class=\"elementor-widget-wrap elementor-element-populated\">\n\t\t\t\t\t\t\t\t<div class=\"elementor-element elementor-element-9eddbf7 elementor-widget elementor-widget-heading\" data-id=\"9eddbf7\" data-element_type=\"widget\" data-widget_type=\"heading.default\">\n\t\t\t\t<div class=\"elementor-widget-container\">\n\t\t\t<style>\/*! elementor - v3.14.0 - 26-06-2023 *\/\n.elementor-heading-title{padding:0;margin:0;line-height:1}.elementor-widget-heading .elementor-heading-title[class*=elementor-size-]>a{color:inherit;font-size:inherit;line-height:inherit}.elementor-widget-heading .elementor-heading-title.elementor-size-small{font-size:15px}.elementor-widget-heading .elementor-heading-title.elementor-size-medium{font-size:19px}.elementor-widget-heading .elementor-heading-title.elementor-size-large{font-size:29px}.elementor-widget-heading .elementor-heading-title.elementor-size-xl{font-size:39px}.elementor-widget-heading .elementor-heading-title.elementor-size-xxl{font-size:59px}<\/style><h2 class=\"elementor-heading-title elementor-size-default\">PRIVACY STATEMENT<\/h2>\t\t<\/div>\n\t\t\t\t<\/div>\n\t\t\t\t\t<\/div>\n\t\t<\/div>\n\t\t\t\t\t\t\t<\/div>\n\t\t<\/section>\n\t\t\t\t<section data-particle_enable=\"false\" data-particle-mobile-disabled=\"false\" class=\"elementor-section elementor-top-section elementor-element elementor-element-5794614 elementor-section-boxed elementor-section-height-default elementor-section-height-default\" data-id=\"5794614\" data-element_type=\"section\">\n\t\t\t\t\t\t<div class=\"elementor-container elementor-column-gap-default\">\n\t\t\t\t\t<div class=\"elementor-column elementor-col-100 elementor-top-column elementor-element elementor-element-ec43761\" data-id=\"ec43761\" data-element_type=\"column\">\n\t\t\t<div class=\"elementor-widget-wrap elementor-element-populated\">\n\t\t\t\t\t\t\t\t<div class=\"elementor-element elementor-element-6babc5a elementor-widget elementor-widget-text-editor\" data-id=\"6babc5a\" data-element_type=\"widget\" data-widget_type=\"text-editor.default\">\n\t\t\t\t<div class=\"elementor-widget-container\">\n\t\t\t<style>\/*! elementor - v3.14.0 - 26-06-2023 *\/\n.elementor-widget-text-editor.elementor-drop-cap-view-stacked .elementor-drop-cap{background-color:#69727d;color:#fff}.elementor-widget-text-editor.elementor-drop-cap-view-framed .elementor-drop-cap{color:#69727d;border:3px solid;background-color:transparent}.elementor-widget-text-editor:not(.elementor-drop-cap-view-default) .elementor-drop-cap{margin-top:8px}.elementor-widget-text-editor:not(.elementor-drop-cap-view-default) .elementor-drop-cap-letter{width:1em;height:1em}.elementor-widget-text-editor .elementor-drop-cap{float:left;text-align:center;line-height:1;font-size:50px}.elementor-widget-text-editor .elementor-drop-cap-letter{display:inline-block}<\/style>\t\t\t\t<h2><strong>1. Bevezet\u0151<\/strong><\/h2>\n<p>Az <a href=\"https:\/\/ilussorent.hu\/en\/\">ilussorent.hu<\/a> &#8211; a tov\u00e1bbiakban: Weblap &#8211; \u00fczemeltet\u0151je az Ilusso Rental Kft. (a tov\u00e1bbiakban: Adatkezel\u0151 ), mint Adatkezel\u0151 jelen Adatv\u00e9delmi Nyilatkozat \u00e9s Adatkezel\u00e9si T\u00e1j\u00e9koztat\u00f3 ( a tov\u00e1bbiakban: Adatv\u00e9delmi Nyilatkozat) k\u00f6zz\u00e9t\u00e9tel\u00e9vel ismerteti az adatkezel\u00e9s\u00e9re vonatkoz\u00f3 elveit, melyeket az Adatkezel\u0151 mag\u00e1ra n\u00e9zve k\u00f6telez\u0151 \u00e9rv\u00e9ny\u0171nek ismer el. Az Adatkezel\u0151 minden t\u0151le \u00e9sszer\u0171en elv\u00e1rhat\u00f3 int\u00e9zked\u00e9st megtesz az \u00e1ltala kezelt szem\u00e9lyes adatok biztons\u00e1ga \u00e9rdek\u00e9ben.<\/p>\n<p>K\u00e9rj\u00fck, hogy Weboldalunk haszn\u00e1lata el\u0151tt sz\u00edveskedjen elolvasni a jelen Adatv\u00e9delmi Nyilatkozatot, mely k\u00f6z\u00e9rthet\u0151 m\u00f3don tartalmazza, mik\u00e9nt kezelj\u00fck szem\u00e9lyes adatait! Az Adatv\u00e9delmi Nyilatkozatban az Adatkezel\u0151 egy\u00e9rtelm\u0171en \u00e9s r\u00e9szletesen t\u00e1j\u00e9koztatja az \u00e9rintetteket az adatok kezel\u00e9s\u00e9vel kapcsolatos minden fontos t\u00e9nyr\u0151l.<\/p>\n<p>Az Adatkezel\u0151 a weboldal m\u0171k\u00f6dtet\u00e9se sor\u00e1n, az oldalon regisztr\u00e1lt szem\u00e9lyek adatait kezeli abb\u00f3l a c\u00e9lb\u00f3l, hogy r\u00e9sz\u00fckre megfelel\u0151 szolg\u00e1ltat\u00e1st ny\u00fajthasson. A szolg\u00e1ltat\u00f3 teljes m\u00e9rt\u00e9kben meg k\u00edv\u00e1n felelni a szem\u00e9lyes adatok kezel\u00e9s\u00e9re vonatkoz\u00f3 jogszab\u00e1lyi el\u0151\u00edr\u00e1soknak, k\u00fcl\u00f6n\u00f6sen az Eur\u00f3pai Parlament \u00e9s a Tan\u00e1cs (EU) 2016\/679 rendelet\u00e9ben foglaltaknak.<\/p>\n<p>Ez az adatkezel\u00e9si t\u00e1j\u00e9koztat\u00f3 a term\u00e9szetes szem\u00e9lyek szem\u00e9lyes adatai v\u00e9delm\u00e9r\u0151l \u00e9s az adatok szabad \u00e1raml\u00e1s\u00e1r\u00f3l az Eur\u00f3pai Parlament \u00e9s a Tan\u00e1cs (EU) 2016\/679 rendelete alapj\u00e1n k\u00e9sz\u00fclt, figyelemmel a 2011. \u00e9vi CXII. t\u00f6rv\u00e9ny tartalm\u00e1ra, amely az inform\u00e1ci\u00f3s \u00f6nrendelkez\u00e9si jogr\u00f3l \u00e9s az inform\u00e1ci\u00f3szabads\u00e1gr\u00f3l sz\u00f3l.<\/p>\n<p>Szolg\u00e1ltat\u00f3, adatkezel\u0151 megnevez\u00e9se, el\u00e9rhet\u0151s\u00e9gei<\/p>\n<p>N\u00e9v: Ilusso Rental Kft.<br>Sz\u00e9khely: 1065 Budapest, Bajcsy-Zsilinszky \u00fat 15. A. \u00e9p. 2. em. 1.<br>Ad\u00f3sz\u00e1m: 27489459-2-42<br>Weboldal megnevez\u00e9se, c\u00edme: <a href=\"https:\/\/ilussorent.hu\/en\/\">ilussorent.hu<\/a><br>E-mail:&nbsp;<a href=\"mailto:info@ilussorent.hu\">info@ilussorent.hu<\/a><br>Phone number<\/p>\n<h2><strong>2. Fogalom meghat\u00e1roz\u00e1sok<\/strong><\/h2>\n<ul>\n<li>szem\u00e9lyes adat: azonos\u00edtott vagy azonos\u00edthat\u00f3 term\u00e9szetes szem\u00e9lyre (\u00e9rintett) vonatkoz\u00f3 b\u00e1rmely inform\u00e1ci\u00f3; azonos\u00edthat\u00f3 az a term\u00e9szetes szem\u00e9ly, aki k\u00f6zvetlen vagy k\u00f6zvetett m\u00f3don, k\u00fcl\u00f6n\u00f6sen valamely azonos\u00edt\u00f3, p\u00e9ld\u00e1ul n\u00e9v, sz\u00e1m, helymeghat\u00e1roz\u00f3 adat, online azonos\u00edt\u00f3 vagy a term\u00e9szetes szem\u00e9ly testi, fiziol\u00f3giai, genetikai, szellemi, gazdas\u00e1gi, kultur\u00e1lis vagy szoci\u00e1lis azonoss\u00e1g\u00e1ra vonatkoz\u00f3 egy vagy t\u00f6bb t\u00e9nyez\u0151 alapj\u00e1n azonos\u00edthat\u00f3;<\/li>\n<\/ul>\n<ul>\n<li>\u00e9rintett: b\u00e1rmely meghat\u00e1rozott, szem\u00e9lyes adat alapj\u00e1n azonos\u00edtott vagy \u2013 k\u00f6zvetlen\u00fcl vagy k\u00f6zvetve \u2013 azonos\u00edthat\u00f3 term\u00e9szetes szem\u00e9ly;<\/li>\n<\/ul>\n<ul>\n<li>&nbsp;az \u00e9rintett hozz\u00e1j\u00e1rul\u00e1sa: az \u00e9rintett akarat\u00e1nak \u00f6nk\u00e9ntes, konkr\u00e9t \u00e9s megfelel\u0151 t\u00e1j\u00e9koztat\u00e1son alapul\u00f3 \u00e9s egy\u00e9rtelm\u0171 kinyilv\u00e1n\u00edt\u00e1sa, amellyel az \u00e9rintett nyilatkozat vagy a meger\u0151s\u00edt\u00e9st f\u00e9lre\u00e9rthetetlen\u00fcl kifejez\u0151 cselekedet \u00fatj\u00e1n jelzi, hogy beleegyez\u00e9s\u00e9t adja az \u0151t \u00e9rint\u0151 szem\u00e9lyes adatok kezel\u00e9s\u00e9hez;<\/li>\n<\/ul>\n<ul>\n<li>adatkezel\u0151: az a term\u00e9szetes vagy jogi szem\u00e9ly, k\u00f6zhatalmi szerv, \u00fcgyn\u00f6ks\u00e9g vagy b\u00e1rmely egy\u00e9b szerv, amely a szem\u00e9lyes adatok kezel\u00e9s\u00e9nek c\u00e9ljait \u00e9s eszk\u00f6zeit \u00f6n\u00e1ll\u00f3an vagy m\u00e1sokkal egy\u00fctt meghat\u00e1rozza; ha az adatkezel\u00e9s c\u00e9ljait \u00e9s eszk\u00f6zeit az uni\u00f3s vagy a tag\u00e1llami jog hat\u00e1rozza meg, az adatkezel\u0151t vagy az adatkezel\u0151 kijel\u00f6l\u00e9s\u00e9re vonatkoz\u00f3 k\u00fcl\u00f6n\u00f6s szempontokat az uni\u00f3s vagy a tag\u00e1llami jog is meghat\u00e1rozhatja;<\/li>\n<\/ul>\n<ul>\n<li>adatkezel\u00e9s: az alkalmazott elj\u00e1r\u00e1st\u00f3l f\u00fcggetlen\u00fcl az adaton v\u00e9gzett b\u00e1rmely m\u0171velet vagy a m\u0171veletek \u00f6sszess\u00e9ge, \u00edgy k\u00fcl\u00f6n\u00f6sen gy\u0171jt\u00e9se, felv\u00e9tele, r\u00f6gz\u00edt\u00e9se, rendszerez\u00e9se, t\u00e1rol\u00e1sa, megv\u00e1ltoztat\u00e1sa, felhaszn\u00e1l\u00e1sa, lek\u00e9rdez\u00e9se, tov\u00e1bb\u00edt\u00e1sa, nyilv\u00e1noss\u00e1gra hozatala, \u00f6sszehangol\u00e1sa vagy \u00f6sszekapcsol\u00e1sa, z\u00e1rol\u00e1sa, t\u00f6rl\u00e9se \u00e9s megsemmis\u00edt\u00e9se, valamint az adat tov\u00e1bbi felhaszn\u00e1l\u00e1s\u00e1nak megakad\u00e1lyoz\u00e1sa, f\u00e9nyk\u00e9p-, hang- vagy k\u00e9pfelv\u00e9tel k\u00e9sz\u00edt\u00e9se, valamint a szem\u00e9ly azonos\u00edt\u00e1s\u00e1ra alkalmas fizikai jellemz\u0151k (pl. ujj- vagy teny\u00e9rnyomat, DNS-minta, \u00edriszk\u00e9p) r\u00f6gz\u00edt\u00e9se;<\/li>\n<\/ul>\n<ul>\n<li>adatt\u00f6rl\u00e9s: az adat felismerhetetlenn\u00e9 t\u00e9tele oly m\u00f3don, hogy a helyre\u00e1ll\u00edt\u00e1sa t\u00f6bb\u00e9 nem lehets\u00e9ges;<\/li>\n<\/ul>\n<ul>\n<li>adatfeldolgoz\u00f3: az a term\u00e9szetes vagy jogi szem\u00e9ly, k\u00f6zhatalmi szerv, \u00fcgyn\u00f6ks\u00e9g vagy b\u00e1rmely egy\u00e9b szerv, amely az adatkezel\u0151 nev\u00e9ben szem\u00e9lyes adatokat kezel;<\/li>\n<\/ul>\n<ul>\n<li>adatfeldolgoz\u00e1s: az adatkezel\u00e9si m\u0171veletekhez kapcsol\u00f3d\u00f3 technikai feladatok elv\u00e9gz\u00e9se, f\u00fcggetlen\u00fcl a m\u0171veletek v\u00e9grehajt\u00e1s\u00e1hoz alkalmazott m\u00f3dszert\u0151l \u00e9s eszk\u00f6zt\u0151l, valamint az alkalmaz\u00e1s hely\u00e9t\u0151l, felt\u00e9ve hogy a technikai feladatot az adaton v\u00e9gzik;<\/li>\n<\/ul>\n<ul>\n<li>adat\u00e1llom\u00e1ny: az egy nyilv\u00e1ntart\u00e1sban kezelt adatok \u00f6sszess\u00e9ge;<\/li>\n<\/ul>\n<ul>\n<li>adatv\u00e9delmi incidens: a biztons\u00e1g olyan s\u00e9r\u00fcl\u00e9se, amely a tov\u00e1bb\u00edtott, t\u00e1rolt vagy m\u00e1s m\u00f3don kezelt szem\u00e9lyes adatok v\u00e9letlen vagy jogellenes megsemmis\u00edt\u00e9s\u00e9t, elveszt\u00e9s\u00e9t, megv\u00e1ltoztat\u00e1s\u00e1t, jogosulatlan k\u00f6zl\u00e9s\u00e9t vagy az azokhoz val\u00f3 jogosulatlan hozz\u00e1f\u00e9r\u00e9st eredm\u00e9nyezi;<\/li>\n<\/ul>\n<ul>\n<li>c\u00edmzett: az a term\u00e9szetes vagy jogi szem\u00e9ly, k\u00f6zhatalmi szerv, \u00fcgyn\u00f6ks\u00e9g vagy b\u00e1rmely egy\u00e9b szerv, akivel vagy amellyel a szem\u00e9lyes adatot k\u00f6zlik, f\u00fcggetlen\u00fcl att\u00f3l, hogy harmadik f\u00e9l-e. Azon k\u00f6zhatalmi szervek, amelyek egy egyedi vizsg\u00e1lat keret\u00e9ben az uni\u00f3s vagy a tag\u00e1llami joggal \u00f6sszhangban f\u00e9rhetnek hozz\u00e1 szem\u00e9lyes adatokhoz, nem min\u0151s\u00fclnek c\u00edmzettnek; az eml\u00edtett adatok e k\u00f6zhatalmi szervek \u00e1ltali kezel\u00e9se meg kell, hogy feleljen az adatkezel\u00e9s c\u00e9ljainak megfelel\u0151en az alkalmazand\u00f3 adatv\u00e9delmi szab\u00e1lyoknak;<\/li>\n<\/ul>\n<ul>\n<li>harmadik f\u00e9l: az a term\u00e9szetes vagy jogi szem\u00e9ly, k\u00f6zhatalmi szerv, \u00fcgyn\u00f6ks\u00e9g vagy b\u00e1rmely egy\u00e9b szerv, amely nem azonos az \u00e9rintettel, az adatkezel\u0151vel, az adatfeldolgoz\u00f3val vagy azokkal a szem\u00e9lyekkel, akik az adatkezel\u0151 vagy adatfeldolgoz\u00f3 k\u00f6zvetlen ir\u00e1ny\u00edt\u00e1sa alatt a szem\u00e9lyes adatok kezel\u00e9s\u00e9re felhatalmaz\u00e1st kaptak;<\/li>\n<\/ul>\n<ul>\n<li>inform\u00e1ci\u00f3s t\u00e1rsadalommal \u00f6sszef\u00fcgg\u0151 szolg\u00e1ltat\u00e1s: elektronikus \u00faton, t\u00e1vollev\u0151k r\u00e9sz\u00e9re, rendszerint ellenszolg\u00e1ltat\u00e1s fej\u00e9ben ny\u00fajtott szolg\u00e1ltat\u00e1s, amelyhez a szolg\u00e1ltat\u00e1s ig\u00e9nybe vev\u0151je egyedileg f\u00e9r hozz\u00e1;<\/li>\n<\/ul>\n<ul>\n<li>elektronikus kereskedelmi szolg\u00e1ltat\u00e1s: olyan inform\u00e1ci\u00f3s t\u00e1rsadalommal \u00f6sszef\u00fcgg\u0151 szolg\u00e1ltat\u00e1s, amelynek c\u00e9lja valamely birtokba vehet\u0151 forgalomk\u00e9pes ing\u00f3 dolog &#8211; ide\u00e9rtve a p\u00e9nzt \u00e9s az \u00e9rt\u00e9kpap\u00edrt, valamint a dolog m\u00f3dj\u00e1ra hasznos\u00edthat\u00f3 term\u00e9szeti er\u0151ket -, szolg\u00e1ltat\u00e1s, ingatlan, vagyoni \u00e9rt\u00e9k\u0171 jog (a tov\u00e1bbiakban egy\u00fctt: \u00e1ru) \u00fczletszer\u0171 \u00e9rt\u00e9kes\u00edt\u00e9se, beszerz\u00e9se, cser\u00e9je vagy m\u00e1s m\u00f3don t\u00f6rt\u00e9n\u0151 ig\u00e9nybev\u00e9tele;<\/li>\n<\/ul>\n<div>\n<ul>\n<li>GDPR (General Data Protection Regulation): az Eur\u00f3pai Uni\u00f3 \u00faj Adatv\u00e9delmi Rendelete<\/li>\n<\/ul>\n<div>&nbsp;<\/div>\n<\/div>\n<h2><strong>3. Felhaszn\u00e1l\u00f3k k\u00f6re<\/strong><\/h2>\n<p>Felhaszn\u00e1l\u00f3 egyar\u00e1nt az oldalon regisztr\u00e1lt, valamint a nem regisztr\u00e1lt, de a Weblap szolg\u00e1ltat\u00e1sait ig\u00e9nybevev\u0151, b\u00e1rmely meghat\u00e1rozott, szem\u00e9lyes adat alapj\u00e1n azonos\u00edtott vagy &#8211; k\u00f6zvetlen\u00fcl vagy k\u00f6zvetve &#8211; azonos\u00edthat\u00f3 term\u00e9szetes szem\u00e9ly.<\/p>\n<h2><strong>4. Az adatkezel\u00e9s ir\u00e1nyelvei<\/strong><\/h2>\n<p>Az adatkezel\u0151 kijelenti, hogy az adatkezel\u00e9si t\u00e1j\u00e9koztat\u00f3ban foglaltak szerint v\u00e9gzi a szem\u00e9lyes adatok kezel\u00e9s\u00e9t \u00e9s betartja a vonatkoz\u00f3 jogszab\u00e1lyok el\u0151\u00edr\u00e1sait, k\u00fcl\u00f6n\u00f6s figyelemmel az al\u00e1bbiakra:<\/p>\n<ul>\n<li>A szem\u00e9lyes adatok kezel\u00e9s\u00e9t jogszer\u0171en \u00e9s tisztess\u00e9gesen, valamint az \u00e9rintett sz\u00e1m\u00e1ra \u00e1tl\u00e1that\u00f3 m\u00f3don kell v\u00e9gezni.<\/li>\n<\/ul>\n<ul>\n<li>A szem\u00e9lyes adatok gy\u0171jt\u00e9se csak meghat\u00e1rozott, egy\u00e9rtelm\u0171 \u00e9s jogszer\u0171 c\u00e9lb\u00f3l t\u00f6rt\u00e9nhet.<\/li>\n<\/ul>\n<ul>\n<li>&nbsp;A szem\u00e9lyes adatok kezel\u00e9s\u00e9nek c\u00e9lja megfelel\u0151 \u00e9s relev\u00e1ns legyen, \u00e9s csak a sz\u00fcks\u00e9ges m\u00e9rt\u00e9k\u0171 lehet.<\/li>\n<\/ul>\n<ul>\n<li>A szem\u00e9lyes adatoknak pontosnak \u00e9s naprak\u00e9sznek kell lenni\u00fck. A pontatlan szem\u00e9lyes adatokat halad\u00e9ktalanul t\u00f6r\u00f6lni kell.<\/li>\n<\/ul>\n<ul>\n<li>A szem\u00e9lyes adatok t\u00e1rol\u00e1s\u00e1nak olyan form\u00e1ban kell t\u00f6rt\u00e9nnie, hogy az \u00e9rintettek azonos\u00edt\u00e1s\u00e1t csak sz\u00fcks\u00e9ges ideig tegye lehet\u0151v\u00e9. A szem\u00e9lyes adatok enn\u00e9l hosszabb ideig t\u00f6rt\u00e9n\u0151 t\u00e1rol\u00e1s\u00e1ra csak akkor ker\u00fclhet sor, ha a t\u00e1rol\u00e1s k\u00f6z\u00e9rdek\u0171 archiv\u00e1l\u00e1s c\u00e9lj\u00e1b\u00f3l, tudom\u00e1nyos \u00e9s t\u00f6rt\u00e9nelmi kutat\u00e1si c\u00e9lb\u00f3l vagy statisztikai c\u00e9lb\u00f3l t\u00f6rt\u00e9nik.<\/li>\n<\/ul>\n<ul>\n<li>A szem\u00e9lyes adatok kezel\u00e9s\u00e9t oly m\u00f3don kell v\u00e9gezni, hogy megfelel\u0151 technikai vagy szervez\u00e9si int\u00e9zked\u00e9sek alkalmaz\u00e1s\u00e1val biztos\u00edtva legyen a szem\u00e9lyes adatok megfelel\u0151 biztons\u00e1ga, az adatok jogosulatlan vagy jogellenes kezel\u00e9s\u00e9vel, v\u00e9letlen elveszt\u00e9s\u00e9vel, megsemmis\u00edt\u00e9s\u00e9vel vagy k\u00e1rosod\u00e1s\u00e1val szembeni v\u00e9delmet is ide\u00e9rtve.<\/li>\n<\/ul>\n<ul>\n<li>Az adatv\u00e9delem elveit minden azonos\u00edtott vagy azonos\u00edthat\u00f3 term\u00e9szetes szem\u00e9lyre vonatkoz\u00f3 inform\u00e1ci\u00f3 eset\u00e9ben alkalmazni kell<\/li>\n<\/ul>\n<div>&nbsp;<\/div>\n<h2><strong>5. Fontos adatkezel\u00e9si inform\u00e1ci\u00f3k<\/strong><\/h2>\n<ul>\n<li>Az adatkezel\u00e9s c\u00e9lja: kapcsolattart\u00e1s, inform\u00e1ci\u00f3 \u00e9s t\u00f6bbletszolg\u00e1ltat\u00e1s ny\u00fajt\u00e1sa.<\/li>\n<\/ul>\n<ul>\n<li>Az adatkezel\u00e9s jogalapja: az \u00e9rintett szem\u00e9ly hozz\u00e1j\u00e1rul\u00e1sa.<\/li>\n<\/ul>\n<ul>\n<li>Az adatkezel\u00e9sben \u00e9rintettek k\u00f6re: a weboldal regisztr\u00e1ci\u00f3s felhaszn\u00e1l\u00f3i (h\u00edrlev\u00e9l feliratkoz\u00f3k, \u0171rlapon kereszt\u00fcl \u00e9rdekl\u0151d\u0151k).<\/li>\n<\/ul>\n<ul>\n<li>Az adatkezel\u00e9s id\u0151tartama \u00e9s az adatok t\u00f6rl\u00e9se: Az adatkezel\u00e9s id\u0151tartama mindig a konkr\u00e9t felhaszn\u00e1l\u00f3i c\u00e9l f\u00fcggv\u00e9nye, de az adatokat halad\u00e9ktalanul t\u00f6r\u00f6lni kell, ha az eredetileg kit\u0171z\u00f6tt c\u00e9l m\u00e1r megval\u00f3sult. Az adatkezel\u00e9shez t\u00f6rt\u00e9n\u0151 hozz\u00e1j\u00e1rul\u00e1s\u00e1t az \u00e9rintett szem\u00e9ly b\u00e1rmikor visszavonhatja a kapcsolattart\u00e1si e-mail c\u00edmre k\u00fcld\u00f6tt lev\u00e9lben. Amennyiben a t\u00f6rl\u00e9snek jogszab\u00e1lyi akad\u00e1lya nincs, ez esetben adatai t\u00f6rl\u00e9sre ker\u00fclnek.<\/li>\n<\/ul>\n<ul>\n<li>Az adatok megismer\u00e9s\u00e9re jogosultak: az adatkezel\u0151 \u00e9s alkalmazottai.<\/li>\n<\/ul>\n<ul>\n<li>Az \u00e9rintett szem\u00e9ly k\u00e9relmezheti az adatkezel\u0151t\u0151l a r\u00e1 vonatkoz\u00f3 szem\u00e9lyes adatokhoz val\u00f3 hozz\u00e1f\u00e9r\u00e9st, azok helyesb\u00edt\u00e9s\u00e9t, t\u00f6rl\u00e9s\u00e9t vagy kezel\u00e9s\u00e9nek korl\u00e1toz\u00e1s\u00e1t, \u00e9s tiltakozhat az ilyen szem\u00e9lyes adatok kezel\u00e9se ellen, valamint az \u00e9rintett adathordozhat\u00f3s\u00e1ghoz val\u00f3 jog\u00e1r\u00f3l.<\/li>\n<\/ul>\n<ul>\n<li>Az \u00e9rintett szem\u00e9ly b\u00e1rmely id\u0151pontban visszavonhatja az adatkezel\u00e9si hozz\u00e1j\u00e1rul\u00e1s\u00e1t, de ez nem \u00e9rinti a visszavon\u00e1s el\u0151tt a hozz\u00e1j\u00e1rul\u00e1s alapj\u00e1n v\u00e9grehajtott adatkezel\u00e9s jogszer\u0171s\u00e9g\u00e9t.<\/li>\n<\/ul>\n<ul>\n<li>Az \u00e9rintett szem\u00e9ly \u00e9lhet a fel\u00fcgyeleti hat\u00f3s\u00e1ghoz c\u00edmzett panasz beny\u00fajt\u00e1s\u00e1nak jog\u00e1val.<\/li>\n<\/ul>\n<ul>\n<li>Amennyiben az \u00e9rintett szem\u00e9ly haszn\u00e1lni k\u00edv\u00e1nja a regisztr\u00e1ci\u00f3 ny\u00fajtotta el\u0151ny\u00f6ket, azaz ig\u00e9nybe k\u00edv\u00e1nja venni a weboldal ez ir\u00e1ny\u00fa szolg\u00e1ltat\u00e1s\u00e1t, sz\u00fcks\u00e9ges a k\u00e9rt szem\u00e9lyes adatok megad\u00e1sa. Az \u00e9rintett szem\u00e9ly nem k\u00f6teles szem\u00e9lyes adatokat megadni, az adatszolg\u00e1ltat\u00e1s elmarad\u00e1sa sz\u00e1m\u00e1ra semmilyen h\u00e1tr\u00e1nyos k\u00f6vetkezm\u00e9nnyel nem j\u00e1r. A weboldal egyes funkci\u00f3inak ig\u00e9nybe v\u00e9tele azonban regisztr\u00e1ci\u00f3 n\u00e9lk\u00fcl nem lehets\u00e9ges.<\/li>\n<\/ul>\n<ul>\n<li>Az \u00e9rintett szem\u00e9ly jogosult arra, hogy k\u00e9r\u00e9s\u00e9re az adatkezel\u0151 indokolatlan k\u00e9sedelem n\u00e9lk\u00fcl helyesb\u00edtse illetve kieg\u00e9sz\u00edtse a r\u00e1 vonatkoz\u00f3 pontatlan szem\u00e9lyes adatokat.<\/li>\n<\/ul>\n<ul>\n<li>Az \u00e9rintett szem\u00e9ly jogosult arra, hogy k\u00e9r\u00e9s\u00e9re az adatkezel\u0151 indokolatlan k\u00e9sedelem n\u00e9lk\u00fcl t\u00f6r\u00f6lje a r\u00e1 vonatkoz\u00f3 pontatlan szem\u00e9lyes adatokat, az adatkezel\u0151 pedig k\u00f6teles arra, hogy az \u00e9rintettre vonatkoz\u00f3 szem\u00e9lyes adatokat indokolatlan k\u00e9sedelem n\u00e9lk\u00fcl t\u00f6r\u00f6lje, amennyiben az adatkezel\u00e9snek nincs m\u00e1s jogalapja.<\/li>\n<\/ul>\n<ul>\n<li>A szem\u00e9lyes adatok m\u00f3dos\u00edt\u00e1sa vagy t\u00f6rl\u00e9se kezdem\u00e9nyezhet\u0151 e-mailben, telefonon vagy lev\u00e9lben a fentebb megadott el\u00e9rhet\u0151s\u00e9gi lehet\u0151s\u00e9geken.<\/li>\n<\/ul>\n<div>&nbsp;<\/div>\n<h2><strong>6. Weboldalon tal\u00e1lhat\u00f3 aj\u00e1nlatk\u00e9r\u0151 \u0171rlap kit\u00f6lt\u00e9se<\/strong><\/h2>\n<p>Az Adatkezel\u0151 a weboldalon kereszt\u00fcl be\u00e9rkez\u0151 aj\u00e1nlatk\u00e9r\u0151 \u0171rlap \u00e1ltal hozz\u00e1f\u00e9rt adatokat kiz\u00e1r\u00f3lag kapcsolattart\u00e1s \u00e9s inform\u00e1ci\u00f3 ny\u00fajt\u00e1s c\u00e9lj\u00e1b\u00f3l haszn\u00e1lja fel.<\/p>\n<p>Adatfeldolgoz\u00e1s\u00e9rt felel\u0151s:<\/p>\n<p>N\u00e9v: Ilusso Rental Kft.<br>Sz\u00e9khely: 1065 Budapest, Bajcsy-Zsilinszky \u00fat 15. A. \u00e9p. 2. em. 1.<br>Ad\u00f3sz\u00e1m: 27489459-2-42<br>Weboldal megnevez\u00e9se, c\u00edme:&nbsp;<a href=\"https:\/\/ilussorent.hu\/en\/\" style=\"background-color: rgb(255, 255, 255);\">ilussorent.hu<\/a><br>E-mail:&nbsp;<a href=\"mailto:info@ilussorent.hu\" style=\"background-color: rgb(255, 255, 255);\">info@ilussorent.hu<\/a><br>Phone number<br><\/p>\n<table border=\"0\" style=\"background-color: rgb(255, 255, 255); width: 1120px;\"><tbody><tr><td style=\"border-color: rgba(128, 128, 128, 0.5); background-color: rgba(128, 128, 128, 0.07);\">Kezelt adatok k\u00f6re<\/td><td style=\"border-color: rgba(128, 128, 128, 0.5); background-color: rgba(128, 128, 128, 0.07);\">&nbsp;Az adatkezel\u00e9si adatok konkr\u00e9t c\u00e9lja<\/td><td style=\"border-color: rgba(128, 128, 128, 0.5); background-color: rgba(128, 128, 128, 0.07);\"><span style=\"background-color: rgba(128, 128, 128, 0.1);\">Adatt\u00e1rol\u00e1s id\u0151tartama<\/span><\/td><\/tr><tr><td style=\"border-color: rgba(128, 128, 128, 0.5);\">Email c\u00edm, telefonsz\u00e1m<\/td><td style=\"border-color: rgba(128, 128, 128, 0.5);\">&nbsp;Azonos\u00edt\u00e1s, kapcsolattart\u00e1s<\/td><td style=\"border-color: rgba(128, 128, 128, 0.5);\">5 \u00e9v<\/td><\/tr><tr><td style=\"border-color: rgba(128, 128, 128, 0.5); background-color: rgba(128, 128, 128, 0.07);\">Szem\u00e9ly neve<\/td><td style=\"border-color: rgba(128, 128, 128, 0.5); background-color: rgba(128, 128, 128, 0.07);\">&nbsp;Azonos\u00edt\u00e1s, kapcsolattart\u00e1s<\/td><td style=\"border-color: rgba(128, 128, 128, 0.5); background-color: rgba(128, 128, 128, 0.07);\">&nbsp;5 \u00e9v<\/td><\/tr><tr><td style=\"border-color: rgba(128, 128, 128, 0.5);\">C\u00e9gn\u00e9v<\/td><td style=\"border-color: rgba(128, 128, 128, 0.5);\">&nbsp;Azonos\u00edt\u00e1s, kapcsolattart\u00e1s<\/td><td style=\"border-color: rgba(128, 128, 128, 0.5);\">&nbsp;5 \u00e9v<\/td><\/tr><\/tbody><\/table>\n<p><\/p>\n<h2><strong><br><\/strong><\/h2><h2><strong>7. H\u00edrlev\u00e9l k\u00fcld\u00e9se<\/strong><\/h2>\n<p>A weblap \u00fczemeltet\u0151jek\u00e9nt kijelentj\u00fck, hogy az \u00e1ltalunk megjelentetett inform\u00e1ci\u00f3k \u00e9s ismertet\u0151k sor\u00e1n marad\u00e9ktalanul betartjuk a vonatkoz\u00f3 jogszab\u00e1lyi rendelkez\u00e9seket. Kijelentj\u00fck tov\u00e1bb\u00e1, hogy h\u00edrlev\u00e9lre t\u00f6rt\u00e9n\u0151 feliratkoz\u00e1skor nem \u00e1ll m\u00f3dunkban a kapcsolattart\u00e1si adatok val\u00f3dis\u00e1g\u00e1nak ellen\u0151rz\u00e9se \u00e9s annak meg\u00e1llap\u00edt\u00e1sa sem, hogy a megadott adatok mag\u00e1nszem\u00e9lyre vagy v\u00e1llalkoz\u00e1sra vonatkoznak. A vel\u00fcnk kapcsolatba l\u00e9p\u0151 v\u00e1llalkoz\u00e1sokat \u00fcgyf\u00e9l partnerk\u00e9nt kezelj\u00fck.<\/p>\n<p>Az adatkezel\u00e9s c\u00e9lja szakmai ismertet\u0151k, rekl\u00e1mot tartalmaz\u00f3 elektronikus \u00fczenetek, inform\u00e1ci\u00f3k, h\u00edrlevelek k\u00fcld\u00e9se, amelyekr\u0151l b\u00e1rmikor k\u00f6vetkezm\u00e9nyek n\u00e9lk\u00fcl leiratkozhat. \u00d6n akkor is minden k\u00f6vetkezm\u00e9ny n\u00e9lk\u00fcl leiratkozhat, ha v\u00e1llalkoz\u00e1sa id\u0151k\u00f6zben megsz\u0171nt, a v\u00e1llalkoz\u00e1sb\u00f3l kil\u00e9pett, vagy valaki az \u00d6n kapcsolattart\u00e1si adatait k\u00f6z\u00f6lte vel\u00fcnk.<\/p>\n<p>Az adatkezel\u00e9s jogalapja az \u00d6n hozz\u00e1j\u00e1rul\u00e1sa. T\u00e1j\u00e9koztatjuk, hogy a felhaszn\u00e1l\u00f3 el\u0151zetesen \u00e9s kifejezetten hozz\u00e1j\u00e1rulhat ahhoz, hogy a szolg\u00e1ltat\u00f3 rekl\u00e1maj\u00e1nlataival, t\u00e1j\u00e9koztat\u00e1saival \u00e9s egy\u00e9b k\u00fcldem\u00e9nyeivel a regisztr\u00e1ci\u00f3kor megadott e-mail c\u00edmen megkeresse. Ennek k\u00f6vetkezt\u00e9ben a felhaszn\u00e1l\u00f3 hozz\u00e1j\u00e1rulhat ahhoz, hogy a szolg\u00e1ltat\u00f3 e c\u00e9lb\u00f3l a sz\u00fcks\u00e9ges szem\u00e9lyes adatait kezelje.<\/p>\n<p>T\u00e1j\u00e9koztatjuk, ha h\u00edrlevelet szeretne kapni t\u0151l\u00fcnk, a sz\u00fcks\u00e9ges adatokat k\u00f6teles megadni. Az adatszolg\u00e1ltat\u00e1s elmarad\u00e1sa eset\u00e9n nem tudunk \u00d6nnek h\u00edrlevelet k\u00fcldeni.<\/p>\n<p>Az adatkezel\u00e9s id\u0151tartama: Az adatkezel\u00e9s a hozz\u00e1j\u00e1rul\u00e1s visszavon\u00e1s\u00e1ig t\u00f6rt\u00e9nik. Az adatkezel\u00e9shez t\u00f6rt\u00e9n\u0151 hozz\u00e1j\u00e1rul\u00e1s\u00e1t \u00d6n b\u00e1rmikor visszavonhatja a kapcsolattart\u00e1si e-mail c\u00edmre k\u00fcld\u00f6tt lev\u00e9lben.<\/p>\n<p>Az adatok t\u00f6rl\u00e9se az adatkezel\u00e9shez t\u00f6rt\u00e9n\u0151 hozz\u00e1j\u00e1rul\u00e1s visszavon\u00e1sakor t\u00f6rt\u00e9nik meg. \u00d6n b\u00e1rmikor visszavonhatja az adatkezel\u00e9shez t\u00f6rt\u00e9n\u0151 hozz\u00e1j\u00e1rul\u00e1s\u00e1t a kapcsolattart\u00e1si e-mail c\u00edmre k\u00fcld\u00f6tt lev\u00e9lben.<\/p>\n<p>Ugyancsak visszavonhat\u00f3 a hozz\u00e1j\u00e1rul\u00e1s a kik\u00fcld\u00f6tt h\u00edrlevelekben megjelen\u0151 link alapj\u00e1n.<\/p>\n<ul>\n<li>Az adatok megismer\u00e9s\u00e9re jogosultak: az adatkezel\u0151 \u00e9s alkalmazottai.<\/li>\n<\/ul>\n<ul>\n<li>Az adatok t\u00e1rol\u00e1si m\u00f3dja: elektronikus.<\/li>\n<\/ul>\n<ul>\n<li>Az adatok m\u00f3dos\u00edt\u00e1sa vagy t\u00f6rl\u00e9se kezdem\u00e9nyezhet\u0151 e-mailben, telefonon vagy lev\u00e9lben a fentebb megadott el\u00e9rhet\u0151s\u00e9gi lehet\u0151s\u00e9geken.<\/li>\n<\/ul>\n<ul>\n<li>Az ig\u00e9nybe vett adatfeldolgoz\u00f3: Ilusso Rental Kft.<\/li>\n<\/ul>\n<p>T\u00e1j\u00e9koztatjuk, hogy az e-mail c\u00edm eset\u00e9ben nem sz\u00fcks\u00e9ges, hogy az a szem\u00e9ly\u00e9re utal\u00f3 adatot tartalmazzon. \u00cdgy p\u00e9ld\u00e1ul nem sz\u00fcks\u00e9ges, hogy az e-mail c\u00edm az \u00d6n nev\u00e9t tartalmazza. \u00d6n teljesen szabadon d\u00f6nt arr\u00f3l, hogy ha olyan e-mail c\u00edmet ad meg, amely az \u00d6n kil\u00e9t\u00e9re utal\u00f3 inform\u00e1ci\u00f3t tartalmaz. Az e-mail c\u00edm &#8211; ami a kapcsolattart\u00e1st szolg\u00e1lja &#8211; felt\u00e9tlen\u00fcl sz\u00fcks\u00e9ges ahhoz, hogy az \u00d6n r\u00e9sz\u00e9re k\u00fcld\u00f6tt h\u00edrlev\u00e9l vagy szakmai inform\u00e1ci\u00f3 c\u00e9lba \u00e9rjen.<\/p>\n<p>H\u00edrlev\u00e9l k\u00fcld\u00e9s\u00e9rt felel\u0151s szolg\u00e1ltat\u00f3<\/p>\n<p>N\u00e9v\/c\u00e9gn\u00e9v: Twilio Ireland Limited<br>&nbsp;3 Dublin Landings, North Wall Quay, Dublin 1, Ireland<br>E-mail: info@twilio.com<\/p>\n<table style=\"background-color: #ffffff; width: 1120px;\" border=\"0\">\n<tbody>\n<tr>\n<td style=\"border-color: rgba(128, 128, 128, 0.5); background-color: rgba(128, 128, 128, 0.07);\">Kezelt adatok k\u00f6re<\/td>\n<td style=\"border-color: rgba(128, 128, 128, 0.5); background-color: rgba(128, 128, 128, 0.07);\">&nbsp;Az adatkezel\u00e9si adatok konkr\u00e9t c\u00e9lja<\/td>\n<td style=\"border-color: rgba(128, 128, 128, 0.5); background-color: rgba(128, 128, 128, 0.07);\"><span style=\"background-color: rgba(128, 128, 128, 0.1);\">Adatt\u00e1rol\u00e1s id\u0151tartama<\/span><\/td>\n<\/tr>\n<tr>\n<td style=\"border-color: rgba(128, 128, 128, 0.5);\">Email c\u00edm, telefonsz\u00e1m<\/td>\n<td style=\"border-color: rgba(128, 128, 128, 0.5);\">&nbsp;Azonos\u00edt\u00e1s, kapcsolattart\u00e1s<\/td>\n<td style=\"border-color: rgba(128, 128, 128, 0.5);\">5 \u00e9v<\/td>\n<\/tr>\n<tr>\n<td style=\"border-color: rgba(128, 128, 128, 0.5); background-color: rgba(128, 128, 128, 0.07);\">Szem\u00e9ly neve<\/td>\n<td style=\"border-color: rgba(128, 128, 128, 0.5); background-color: rgba(128, 128, 128, 0.07);\">&nbsp;Azonos\u00edt\u00e1s, kapcsolattart\u00e1s<\/td>\n<td style=\"border-color: rgba(128, 128, 128, 0.5); background-color: rgba(128, 128, 128, 0.07);\">&nbsp;5 \u00e9v<\/td>\n<\/tr>\n<tr>\n<td style=\"border-color: rgba(128, 128, 128, 0.5);\">C\u00e9gn\u00e9v<\/td>\n<td style=\"border-color: rgba(128, 128, 128, 0.5);\">&nbsp;Azonos\u00edt\u00e1s, kapcsolattart\u00e1s<\/td>\n<td style=\"border-color: rgba(128, 128, 128, 0.5);\">&nbsp;5 \u00e9v<\/td>\n<\/tr>\n<\/tbody>\n<\/table>\n<h2><strong><br><\/strong><\/h2><h2><strong>8. Az adatfeldolgoz\u00e1sra jogosult szem\u00e9ly<\/strong><\/h2>\n<p>A szem\u00e9lyes adatok feldolgoz\u00e1s\u00e1ra jogosult szem\u00e9ly a Ilusso Rental Kft.. ( Sz\u00e9khely: C\u00e9gjegyz\u00e9ksz\u00e1m: , Ad\u00f3sz\u00e1m: , a tov\u00e1bbiakban: Adatfeldolgoz\u00f3), mint Adatfeldolgoz\u00f3. A feldolgoz\u00e1sra ker\u00fcl\u0151 szem\u00e9lyes adatokat az Adatfeldolgoz\u00f3 mindenkori t\u00f6rv\u00e9nyes k\u00e9pvisel\u0151je(i), alkalmazottai \/megb\u00edzottai \/k\u00f6zrem\u0171k\u00f6d\u0151i ismerhetik meg. Az adatfeldolgoz\u00f3 szem\u00e9lyes adatot harmadik szem\u00e9lyek r\u00e9sz\u00e9re nem ad \u00e1t, kiz\u00e1r\u00f3lag abban az esetben, ha az \u00e9rintett ehhez kifejezetten hozz\u00e1j\u00e1rul.<\/p>\n<p>T\u00e1rhelyszolg\u00e1ltat\u00f3<\/p>\n<p>N\u00e9v\/c\u00e9gn\u00e9v: RackForest Zrt.<br>Sz\u00e9khely: 1132 Budapest,<br>Victor Hugo utca 11.<br>5. em. B05001.<br>Phone number <strong><a href=\"https:\/\/rackforest.com\/kapcsolat\/\">+36 1 211 0044<\/a><\/strong><br>E-mail: info@rackforest.com<\/p>\n<p>Az \u00d6n \u00e1ltal megadott adatokat a t\u00e1rhelyszolg\u00e1ltat\u00f3 \u00e1ltal \u00fczemeltetett szerver t\u00e1rolja. Az adatokhoz csak munkat\u00e1rsaink, illetve a szervert \u00fczemeltet\u0151 munkat\u00e1rsak f\u00e9rhetnek hozz\u00e1, de mindannyian felel\u0151ss\u00e9ggel tartoznak az adatok biztons\u00e1gos kezel\u00e9s\u00e9\u00e9rt.A tev\u00e9kenys\u00e9g megnevez\u00e9se: t\u00e1rhelyszolg\u00e1ltat\u00e1s, szerverszolg\u00e1ltat\u00e1s.<\/p>\n<p>Az adatkezel\u00e9s c\u00e9lja: a weboldal m\u0171k\u00f6d\u00e9s\u00e9nek biztos\u00edt\u00e1sa.<\/p>\n<table border=\"0\">\n<tbody>\n<tr>\n<td>Kezelt adatok k\u00f6re<\/td>\n<td>&nbsp;Az adatkezel\u00e9si adatok konkr\u00e9t c\u00e9lja&nbsp; &nbsp; &nbsp; &nbsp; &nbsp;&nbsp;<\/td>\n<td>Adatt\u00e1rol\u00e1s id\u0151tartama<\/td>\n<\/tr>\n<tr>\n<td>Email<\/td>\n<td>&nbsp;Azonos\u00edt\u00e1s, kapcsolattart\u00e1s<\/td>\n<td>30 nap<\/td>\n<\/tr>\n<tr>\n<td>Feliratkoz\u00e1s id\u0151pontja<\/td>\n<td>&nbsp;Technikai inform\u00e1ci\u00f3s m\u0171velet<\/td>\n<td>30 nap<\/td>\n<\/tr>\n<tr>\n<td>IP c\u00edm<\/td>\n<td>&nbsp;Technikai inform\u00e1ci\u00f3s m\u0171velet<\/td>\n<td>30 nap<\/td>\n<\/tr>\n<\/tbody>\n<\/table>\n<p>A kezelt adatok: az \u00e9rintett \u00e1ltal megadott szem\u00e9lyes adatok.<\/p>\n<p>Az adatkezel\u00e9s id\u0151tartama \u00e9s az adatok t\u00f6rl\u00e9s\u00e9nek hat\u00e1rideje: Az adatkezel\u00e9s a weboldal m\u0171k\u00f6d\u00e9s\u00e9nek v\u00e9g\u00e9ig, illetve a weboldal m\u0171k\u00f6dtet\u0151je \u00e9s a t\u00e1rhelyszolg\u00e1ltat\u00f3 k\u00f6z\u00f6tti szerz\u0151d\u00e9ses meg\u00e1llapod\u00e1s szerint. Az \u00e9rintett szem\u00e9ly sz\u00fcks\u00e9g eset\u00e9n a t\u00e1rhelyszolg\u00e1ltat\u00f3t megkeresve is k\u00e9rheti adatai t\u00f6rl\u00e9s\u00e9t. Az adatkezel\u00e9s jogalapja: az \u00e9rintett szem\u00e9ly hozz\u00e1j\u00e1rul\u00e1sa, illetve jogszab\u00e1lyon alapul\u00f3 adatkezel\u00e9s.<\/p>\n<p><strong><br><\/strong><\/p><h2><strong>9. Az adatk\u00f6zl\u00e9s id\u0151tartama<\/strong><\/h2>\n<p>A Felhaszn\u00e1l\u00f3 hozz\u00e1j\u00e1rul\u00e1sa alapj\u00e1n megadott szem\u00e9lyes adatokat az Adatkezel\u0151 az adatkezel\u00e9s c\u00e9lj\u00e1nak megval\u00f3sul\u00e1s\u00e1ig, illet\u0151leg a Felhaszn\u00e1l\u00f3 hozz\u00e1j\u00e1rul\u00e1sa visszavon\u00e1s\u00e1ig kezeli. Az Adatkezel\u0151 a Felhaszn\u00e1l\u00f3 regisztr\u00e1ci\u00f3ja sor\u00e1n megadott szem\u00e9lyes adatait a Weblap ig\u00e9nybev\u00e9tel\u00e9nek megsz\u0171n\u00e9s\u00e9ig, \u00edgy k\u00fcl\u00f6n\u00f6sen a regisztr\u00e1ci\u00f3 t\u00f6rl\u00e9s\u00e9ig kezeli. Az Adatkezel\u0151 a felvett szem\u00e9lyes adatokat t\u00f6rv\u00e9ny elt\u00e9r\u0151 rendelkez\u00e9s\u00e9nek hi\u00e1ny\u00e1ban a) a r\u00e1 vonatkoz\u00f3 jogi k\u00f6telezetts\u00e9g teljes\u00edt\u00e9se c\u00e9lj\u00e1b\u00f3l, vagy b) az adatkezel\u0151 vagy harmadik szem\u00e9ly jogos \u00e9rdek\u00e9nek \u00e9rv\u00e9nyes\u00edt\u00e9se c\u00e9lj\u00e1b\u00f3l, ha ezen \u00e9rdek \u00e9rv\u00e9nyes\u00edt\u00e9se a szem\u00e9lyes adatok v\u00e9delm\u00e9hez f\u0171z\u0151d\u0151 jog korl\u00e1toz\u00e1s\u00e1val ar\u00e1nyban \u00e1ll tov\u00e1bbi k\u00fcl\u00f6n hozz\u00e1j\u00e1rul\u00e1s n\u00e9lk\u00fcl, valamint az \u00e9rintett hozz\u00e1j\u00e1rul\u00e1s\u00e1nak visszavon\u00e1s\u00e1t k\u00f6vet\u0151en is kezelheti. \/ 2011. \u00e9vi CXII. t\u00f6rv\u00e9ny 6. \u00a7 ( 5) \/ Az Adatkezel\u0151 a Felhaszn\u00e1l\u00f3 \u00e1ltal megadott szem\u00e9lyes adatokat a sz\u00e1mviteli k\u00f6telezetts\u00e9gek teljes\u00edt\u00e9se \u00e9rdek\u00e9ben a 2000. \u00e9vi C. t\u00f6rv\u00e9ny 169.\u00a7-a alapj\u00e1n 8 \u00e9vig, illetve az ad\u00f3z\u00e1s rendj\u00e9r\u0151l sz\u00f3l\u00f3 2003. \u00e9vi XCII. t\u00f6rv\u00e9nyben meghat\u00e1rozott el\u00e9v\u00fcl\u00e9si id\u0151n bel\u00fcl \u0151rzi meg \u00e9s kezeli.<\/p><p><br><\/p>\n<h2><strong>10. Adattov\u00e1bb\u00edt\u00e1s, adatok \u00f6sszekapcsol\u00e1sa<\/strong><\/h2>\n<p>Az Adatkezel\u0151 nem ad el, nem ad b\u00e9rbe \u00e9s semmilyen form\u00e1ban nem bocs\u00e1jt rendelkez\u00e9s\u00e9re a Felhaszn\u00e1l\u00f3ra vonatkoz\u00f3 szem\u00e9lyes adatokat illetve inform\u00e1ci\u00f3kat m\u00e1s c\u00e9gnek, mag\u00e1nszem\u00e9lynek. Az Adatkezel\u0151 a t\u0151le elv\u00e1rhat\u00f3 m\u00f3don gondoskodik az adatok megfelel\u0151 biztons\u00e1g\u00e1r\u00f3l, \u00e9s megteszi azokat a technikai \u00e9s szervez\u00e9si int\u00e9zked\u00e9seket, melyek az adatv\u00e9delmi szab\u00e1lyok \u00e9s elvek \u00e9rv\u00e9nyre juttat\u00e1s\u00e1t garant\u00e1lj\u00e1k \u00e9s a szem\u00e9lyes adatok biztons\u00e1g\u00e1t el\u0151seg\u00edtik. T\u00e1j\u00e9koztatjuk a Tisztelt Felhaszn\u00e1l\u00f3kat arr\u00f3l, hogy az Adatkezel\u0151 szem\u00e9lyes adatot kiz\u00e1r\u00f3lag az \u00e9rintett hozz\u00e1j\u00e1rul\u00e1s\u00e1val tov\u00e1bb\u00edt harmadik szem\u00e9lynek vagy szem\u00e9lyeknek.<\/p><p><br><\/p>\n<h2><strong>11. S\u00fctik (cookie-k<\/strong>)<\/h2>\n<p>A s\u00fctiket a megl\u00e1togatott weboldalak helyezik el a felhaszn\u00e1l\u00f3 sz\u00e1m\u00edt\u00f3g\u00e9p\u00e9n \u00e9s olyan inform\u00e1ci\u00f3t tartalmaznak, mint p\u00e9ld\u00e1ul az oldal be\u00e1ll\u00edt\u00e1sai vagy a bejelentkez\u00e9s \u00e1llapota. A cookie-k teh\u00e1t a felkeresett weboldalak \u00e1ltal l\u00e9trehozott kis f\u00e1jlok. A b\u00f6ng\u00e9sz\u00e9si adatok ment\u00e9s\u00e9vel jav\u00edtj\u00e1k a felhaszn\u00e1l\u00f3i \u00e9lm\u00e9nyt. A cookie-k seg\u00edts\u00e9g\u00e9vel a weboldal eml\u00e9kezik a webhely be\u00e1ll\u00edt\u00e1saira, \u00e9s helyileg relev\u00e1ns tartalmakat k\u00edn\u00e1l fel. A weblap l\u00e1togat\u00f3inak sz\u00e1m\u00edt\u00f3g\u00e9p\u00e9re a szolg\u00e1ltat\u00f3 weboldala egy kis f\u00e1jlt (cookie) k\u00fcld annak \u00e9rdek\u00e9ben, hogy a l\u00e1togat\u00e1s t\u00e9nye \u00e9s ideje meg\u00e1llap\u00edthat\u00f3 legyen. Err\u0151l a szolg\u00e1ltat\u00f3 a weblap l\u00e1togat\u00f3j\u00e1t t\u00e1j\u00e9koztatja.<\/p>\n<ul>\n<li>Az adatkezel\u00e9sben \u00e9rintettek k\u00f6re: a weboldal l\u00e1togat\u00f3i.<\/li>\n<\/ul>\n<ul>\n<li>Az adatkezel\u00e9s c\u00e9lja: t\u00f6bbletszolg\u00e1ltat\u00e1s, azonos\u00edt\u00e1s, a l\u00e1togat\u00f3k nyomon k\u00f6vet\u00e9se.<\/li>\n<\/ul>\n<ul>\n<li>Az adatkezel\u00e9s jogalapja: a felhaszn\u00e1l\u00f3 hozz\u00e1j\u00e1rul\u00e1sa nem sz\u00fcks\u00e9ges, amennyiben a s\u00fctik haszn\u00e1lat\u00e1hoz a szolg\u00e1ltat\u00f3nak felt\u00e9tlen\u00fcl sz\u00fcks\u00e9ge van.<\/li>\n<\/ul>\n<ul>\n<li>Az adatok k\u00f6re: egyedi azonos\u00edt\u00f3sz\u00e1m, id\u0151pont, be\u00e1ll\u00edt\u00e1si adatok.<\/li>\n<\/ul>\n<p>A felhaszn\u00e1l\u00f3nak lehet\u0151s\u00e9ge van arra, hogy a s\u00fctiket a Be\u00e1ll\u00edt\u00e1sok men\u00fcpontban b\u00e1rmikor t\u00f6r\u00f6lje a b\u00f6ng\u00e9sz\u0151kb\u0151l.<\/p>\n<ul>\n<li>Az adatok megismer\u00e9s\u00e9re jogosult adatkezel\u0151k: a s\u00fctik haszn\u00e1lat\u00e1val nem kezel szem\u00e9lyes adatokat az adatkezel\u0151.<\/li>\n<\/ul>\n<ul>\n<li>Az adatok t\u00e1rol\u00e1si m\u00f3dja: elektronikus.<\/li>\n<\/ul><div><br><\/div>\n<h2><strong>12. K\u00f6z\u00f6ss\u00e9gi oldalak<\/strong><\/h2>\n<p>A k\u00f6z\u00f6ss\u00e9gi oldal egy m\u00e9diaeszk\u00f6z, ahol az \u00fczenetet k\u00f6z\u00f6ss\u00e9gi felhaszn\u00e1l\u00f3kon kereszt\u00fcl terjesztik. A k\u00f6z\u00f6ss\u00e9gi m\u00e9dia az internetet \u00e9s az online megjelen\u00e9si lehet\u0151s\u00e9geket haszn\u00e1lja annak \u00e9rdek\u00e9ben, hogy a felhaszn\u00e1l\u00f3k tartalombefogad\u00f3kb\u00f3l tartalomszerkeszt\u0151v\u00e9 v\u00e1ljanak. A k\u00f6z\u00f6ss\u00e9gi m\u00e9dia az internetes alkalmaz\u00e1sok olyan fel\u00fclete, amelyen a felhaszn\u00e1l\u00f3k \u00e1ltal l\u00e9trehozott tartalom tal\u00e1lhat\u00f3, p\u00e9ld\u00e1ul Facebook, Google+, Twitter, stb. A k\u00f6z\u00f6ss\u00e9gi m\u00e9dia megjelen\u00e9si form\u00e1i lehetnek nyilv\u00e1nos besz\u00e9dek, el\u0151ad\u00e1sok, bemutat\u00f3k, term\u00e9kek vagy szolg\u00e1ltat\u00e1sok ismertet\u00e9se. A k\u00f6z\u00f6ss\u00e9gi m\u00e9di\u00e1ban megjelent inform\u00e1ci\u00f3k form\u00e1i lehetnek f\u00f3rumok, blogbejegyz\u00e9sek, k\u00e9p-, vide\u00f3-, \u00e9s hanganyagok, \u00fczen\u0151falak, e-mail \u00fczenetek, stb. A fentieknek megfelel\u0151en a kezelt adatok k\u00f6re a szem\u00e9lyes adatokon t\u00fal lehet a felhaszn\u00e1l\u00f3 nyilv\u00e1nos profilk\u00e9pe is. Az \u00e9rintettek k\u00f6re: valamennyi regisztr\u00e1lt felhaszn\u00e1l\u00f3.<\/p>\n<ul>\n<li>Az adatgy\u0171jt\u00e9s c\u00e9lja a weboldal vagy a hozz\u00e1 kapcsol\u00f3d\u00f3 weblap n\u00e9pszer\u0171s\u00edt\u00e9se.<\/li>\n<\/ul>\n<ul>\n<li>Az adatkezel\u00e9s jogalapja az \u00e9rintett \u00f6nk\u00e9ntes hozz\u00e1j\u00e1rul\u00e1sa.<\/li>\n<\/ul>\n<ul>\n<li>Az adatkezel\u00e9s id\u0151tartama: az adott k\u00f6z\u00f6ss\u00e9gi oldalon megtekinthet\u0151 szab\u00e1lyoz\u00e1s szerint.<\/li>\n<\/ul>\n<ul>\n<li>Az adatok t\u00f6rl\u00e9si hat\u00e1rideje: az adott k\u00f6z\u00f6ss\u00e9gi oldalon megtekinthet\u0151 szab\u00e1lyoz\u00e1s szerint.<\/li>\n<\/ul>\n<ul>\n<li>Az adatok megismer\u00e9s\u00e9re jogosultak: az adott k\u00f6z\u00f6ss\u00e9gi oldalon megtekinthet\u0151 szab\u00e1lyoz\u00e1s szerint.<\/li>\n<\/ul>\n<ul>\n<li>Az adatkezel\u00e9ssel kapcsolatos jogok: az adott k\u00f6z\u00f6ss\u00e9gi oldalon megtekinthet\u0151 szab\u00e1lyoz\u00e1s szerint.<\/li>\n<\/ul>\n<ul>\n<li>Az adatok t\u00e1rol\u00e1si m\u00f3dja: elektronikus.<\/li>\n<\/ul>\n<p>Fontos figyelembe venni, hogy amikor a felhaszn\u00e1l\u00f3 felt\u00f6lt vagy bek\u00fcld valamilyen szem\u00e9lyes adatot, vil\u00e1gszerte \u00e9rv\u00e9nyes enged\u00e9lyt ad a k\u00f6z\u00f6ss\u00e9gi oldal \u00fczemeltet\u0151j\u00e9nek arra, hogy az ilyen tartalmakat t\u00e1rolhassa \u00e9s felhaszn\u00e1lhassa. Ez\u00e9rt nagyon fontos meggy\u0151z\u0151dni arr\u00f3l, hogy a k\u00f6zz\u00e9tett inform\u00e1ci\u00f3 k\u00f6zl\u00e9s\u00e9hez a felhaszn\u00e1l\u00f3 teljes jogosults\u00e1ggal rendelkezik-e<strong>.<\/strong><\/p><p><strong><br><\/strong><\/p>\n<h2><strong>13. Az adatkezel\u00e9ssel kapcsolatos jogok<\/strong><\/h2>\n<p>A t\u00e1j\u00e9koztat\u00e1s k\u00e9r\u00e9shez val\u00f3 jog:<\/p>\n<ul>\n<li>\u00d6n a megadott el\u00e9rhet\u0151s\u00e9geken kereszt\u00fcl t\u00e1j\u00e9koztat\u00e1st k\u00e9rhet t\u0151l\u00fcnk, hogy c\u00e9g\u00fcnk milyen adatait, milyen jogalapon, milyen adatkezel\u00e9si c\u00e9l miatt, milyen forr\u00e1sb\u00f3l, mennyi ideig kezeli. Az \u00d6n k\u00e9relm\u00e9re halad\u00e9ktalanul, de legfeljebb 30 napon bel\u00fcl, az \u00d6n \u00e1ltal megadott e-mail el\u00e9rhet\u0151s\u00e9gre t\u00e1j\u00e9koztat\u00e1st k\u00fcld\u00fcnk.A helyesb\u00edt\u00e9shez val\u00f3 jog<\/li>\n<\/ul>\n<ul>\n<li>\u00d6n a megadott el\u00e9rhet\u0151s\u00e9geken kereszt\u00fcl k\u00e9rheti t\u0151l\u00fcnk hogy valamely adat\u00e1t m\u00f3dos\u00edtsuk. Err\u0151l az \u00d6n k\u00e9relm\u00e9re halad\u00e9ktalanul, de legfeljebb 30 napon bel\u00fcl int\u00e9zked\u00fcnk, az \u00d6n \u00e1ltal megadott e-mail el\u00e9rhet\u0151s\u00e9gre t\u00e1j\u00e9koztat\u00e1st k\u00fcld\u00fcnk.A t\u00f6rl\u00e9shez val\u00f3 jog<\/li>\n<\/ul>\n<ul>\n<li>\u00d6n a megadott el\u00e9rhet\u0151s\u00e9geken kereszt\u00fcl k\u00e9rheti t\u0151l\u00fcnk adat\u00e1nak t\u00f6rl\u00e9s\u00e9t. Az \u00d6n k\u00e9relm\u00e9re ezt halad\u00e9ktalanul, de legfeljebb 30 napon bel\u00fcl megtessz\u00fck, az \u00d6n \u00e1ltal megadott e-mail el\u00e9rhet\u0151s\u00e9gre t\u00e1j\u00e9koztat\u00e1st k\u00fcld\u00fcnk.A z\u00e1rol\u00e1shoz val\u00f3 jog<\/li>\n<\/ul>\n<ul>\n<li>\u00d6n a megadott el\u00e9rhet\u0151s\u00e9geken kereszt\u00fcl k\u00e9rheti t\u0151l\u00fcnk adat\u00e1nak z\u00e1rol\u00e1s\u00e1t. A z\u00e1rol\u00e1s addig tart, am\u00edg az \u00d6n \u00e1ltal megjel\u00f6lt indok sz\u00fcks\u00e9gess\u00e9 teszi az adatok t\u00e1rol\u00e1s\u00e1t. Az \u00d6n k\u00e9relm\u00e9re ezt halad\u00e9ktalanul, de legfeljebb 30 napon bel\u00fcl megtessz\u00fck, az \u00d6n \u00e1ltal megadott e-mail el\u00e9rhet\u0151s\u00e9gre t\u00e1j\u00e9koztat\u00e1st k\u00fcld\u00fcnk.A tiltakoz\u00e1shoz val\u00f3 jog<\/li>\n<\/ul>\n<ul>\n<li>\u00d6n a megadott el\u00e9rhet\u0151s\u00e9geken kereszt\u00fcl tiltakozhat az adatkezel\u00e9s ellen. A tiltakoz\u00e1st a k\u00e9relem beny\u00fajt\u00e1s\u00e1t\u00f3l sz\u00e1m\u00edtott legr\u00f6videbb id\u0151n bel\u00fcl, de legfeljebb 15 napon bel\u00fcl megvizsg\u00e1ljuk, annak megalapozotts\u00e1ga k\u00e9rd\u00e9s\u00e9ben d\u00f6nt\u00e9st hozunk, \u00e9s a d\u00f6nt\u00e9s\u00e9r\u0151l \u00d6nt e-mailben t\u00e1j\u00e9koztatjuk.<\/li>\n<\/ul>\n<h2><strong>14. Az adatkezel\u00e9ssel kapcsolatos jog\u00e9rv\u00e9nyes\u00edt\u00e9si lehet\u0151s\u00e9g<\/strong><\/h2>\n<p>Az \u00d6n \u00e1ltal tapasztalt jogellenes adatkezel\u00e9s eset\u00e9n \u00e9rtes\u00edtse c\u00e9g\u00fcnket, \u00edgy lehet\u0151s\u00e9g ny\u00edlik arra, hogy r\u00f6vid id\u0151n bel\u00fcl helyre\u00e1lljon a jogszer\u0171 \u00e1llapot. Az \u00d6n \u00e9rdek\u00e9ben mindent megtesz\u00fcnk, hogy a v\u00e1zolt probl\u00e9ma megold\u00f3djon. Amennyiben az \u00d6n meg\u00edt\u00e9l\u00e9se szerint a jogszer\u0171 \u00e1llapot nem \u00e1ll\u00edthat\u00f3 helyre, \u00e9rtes\u00edtse err\u0151l a hat\u00f3s\u00e1got az al\u00e1bbi el\u00e9rhet\u0151s\u00e9geken: Nemzeti Adatv\u00e9delmi \u00e9s Inform\u00e1ci\u00f3szabads\u00e1g Hat\u00f3s\u00e1g.<\/p>\n<p>Postac\u00edm: 1530 Budapest, Pf.: 5.<br>C\u00edm: 1125 Budapest, Szil\u00e1gyi Erzs\u00e9bet fasor 22\/c<br>Telefon: +36 (1) 391-1400<br>Fax: +36 (1) 391-1410<br>E-mail:&nbsp;<a href=\"mailto:ugyfelszolgalat@naih.hu\">ugyfelszolgalat@naih.hu<\/a><br>Web:&nbsp;<a href=\"https:\/\/www.naih.hu\/\">https:\/\/www.naih.hu<\/a><br>Koordin\u00e1t\u00e1k: \u00c9 47\u00b030&#8217;56&#8221;; K 18\u00b059&#8217;57&#8221;17.<\/p>\n<p>Az adatkezel\u00e9s alapj\u00e1ul szolg\u00e1l\u00f3 jogszab\u00e1lyok- AZ EUR\u00d3PAI PARLAMENT \u00c9S A TAN\u00c1CS (EU) 2016\/679 RENDELETE (2016. \u00e1prilis 27.) a term\u00e9szetes szem\u00e9lyeknek a szem\u00e9lyes adatok kezel\u00e9se tekintet\u00e9ben t\u00f6rt\u00e9n\u0151 v\u00e9delm\u00e9r\u0151l \u00e9s az ilyen adatok szabad \u00e1raml\u00e1s\u00e1r\u00f3l, valamint a 95\/46\/EK rendelet hat\u00e1lyon k\u00edv\u00fcl helyez\u00e9s\u00e9r\u0151l (\u00e1ltal\u00e1nos adatv\u00e9delmi rendelet).- 2011. \u00e9vi CXII. t\u00f6rv\u00e9ny az inform\u00e1ci\u00f3s \u00f6nrendelkez\u00e9si jogr\u00f3l \u00e9s az inform\u00e1ci\u00f3szabads\u00e1gr\u00f3l.- A k\u00f6ziratokr\u00f3l, a k\u00f6zlev\u00e9lt\u00e1rakr\u00f3l \u00e9s a mag\u00e1nlev\u00e9lt\u00e1ri anyag v\u00e9delm\u00e9r\u0151l sz\u00f3l\u00f3 1995. \u00e9vi LXVI. t\u00f6rv\u00e9ny.- A k\u00f6zfeladatot ell\u00e1t\u00f3 szervek iratkezel\u00e9s\u00e9nek \u00e1ltal\u00e1nos k\u00f6vetelm\u00e9nyeir\u0151l sz\u00f3l\u00f3 335\/2005. (XII. 29.) Korm. rendelet.- 2001. \u00e9vi CVIII. t\u00f6rv\u00e9ny az elektronikus kereskedelmi szolg\u00e1ltat\u00e1sok, valamint az inform\u00e1ci\u00f3s t\u00e1rsadalommal \u00f6sszef\u00fcgg\u0151 szolg\u00e1ltat\u00e1sok egyes k\u00e9rd\u00e9seir\u0151l.- 2003. \u00e9vi C. t\u00f6rv\u00e9ny az elektronikus h\u00edrk\u00f6zl\u00e9sr\u0151l.<\/p>\n<p>Jelen Adatv\u00e9delmi Nyilatkozat hat\u00e1lyba l\u00e9p\u00e9s\u00e9nek id\u0151pontja: 2022.03.12. Az adatkezel\u0151 a v\u00e1ltoztat\u00e1s jog\u00e1t fenntartja.<\/p>\t\t\t\t\t\t<\/div>\n\t\t\t\t<\/div>\n\t\t\t\t\t<\/div>\n\t\t<\/div>\n\t\t\t\t\t\t\t<\/div>\n\t\t<\/section>\n\t\t\t\t<section data-particle_enable=\"false\" data-particle-mobile-disabled=\"false\" class=\"elementor-section elementor-top-section elementor-element elementor-element-229702f elementor-section-boxed elementor-section-height-default elementor-section-height-default\" data-id=\"229702f\" data-element_type=\"section\" data-settings=\"{&quot;background_background&quot;:&quot;classic&quot;}\">\n\t\t\t\t\t\t<div class=\"elementor-container elementor-column-gap-default\">\n\t\t\t\t\t<div class=\"elementor-column elementor-col-50 elementor-top-column elementor-element elementor-element-9e7c9ff\" data-id=\"9e7c9ff\" data-element_type=\"column\">\n\t\t\t<div class=\"elementor-widget-wrap elementor-element-populated\">\n\t\t\t\t\t\t\t\t<div class=\"elementor-element elementor-element-4227d7f elementor-hidden-tablet elementor-hidden-mobile elementor-widget elementor-widget-heading\" data-id=\"4227d7f\" data-element_type=\"widget\" data-widget_type=\"heading.default\">\n\t\t\t\t<div class=\"elementor-widget-container\">\n\t\t\t<h2 class=\"elementor-heading-title elementor-size-default\">Are you ready for the personalized <br>Ilusso Rent experience?<\/h2>\t\t<\/div>\n\t\t\t\t<\/div>\n\t\t\t\t<div class=\"elementor-element elementor-element-b732e2d elementor-hidden-desktop elementor-widget elementor-widget-heading\" data-id=\"b732e2d\" data-element_type=\"widget\" data-widget_type=\"heading.default\">\n\t\t\t\t<div class=\"elementor-widget-container\">\n\t\t\t<h2 class=\"elementor-heading-title elementor-size-default\">Are you ready for the personalized\nIlusso Rent experience?<\/h2>\t\t<\/div>\n\t\t\t\t<\/div>\n\t\t\t\t<div class=\"elementor-element elementor-element-bc19209 elementor-widget elementor-widget-text-editor\" data-id=\"bc19209\" data-element_type=\"widget\" data-widget_type=\"text-editor.default\">\n\t\t\t\t<div class=\"elementor-widget-container\">\n\t\t\t\t\t\t\t<p>Fill in the form below and our colleagues will get in touch with you in 24 hours. We always want to provide you the most personalized offer, that way we can guarantee the highest standards and the best prices.<\/p>\t\t\t\t\t\t<\/div>\n\t\t\t\t<\/div>\n\t\t\t\t\t<\/div>\n\t\t<\/div>\n\t\t\t\t<div class=\"elementor-column elementor-col-50 elementor-top-column elementor-element elementor-element-c24a779\" data-id=\"c24a779\" data-element_type=\"column\">\n\t\t\t<div class=\"elementor-widget-wrap elementor-element-populated\">\n\t\t\t\t\t\t\t\t<div class=\"elementor-element elementor-element-8d4effe animated-slow elementor-invisible elementor-widget elementor-widget-image\" data-id=\"8d4effe\" data-element_type=\"widget\" data-settings=\"{&quot;_animation&quot;:&quot;fadeInRight&quot;}\" data-widget_type=\"image.default\">\n\t\t\t\t<div class=\"elementor-widget-container\">\n\t\t\t<style>\/*! elementor - v3.14.0 - 26-06-2023 *\/\n.elementor-widget-image{text-align:center}.elementor-widget-image a{display:inline-block}.elementor-widget-image a img[src$=\".svg\"]{width:48px}.elementor-widget-image img{vertical-align:middle;display:inline-block}<\/style>\t\t\t\t\t\t\t\t\t\t\t\t<img loading=\"lazy\" decoding=\"async\" width=\"600\" height=\"298\" src=\"https:\/\/ilussorent.hu\/wp-content\/uploads\/2023\/06\/Toyota-Corolla-Sedan-Comfort-no-background-ilusso-logo-1-1024x509.png\" class=\"attachment-large size-large wp-image-22810\" alt=\"\" srcset=\"https:\/\/ilussorent.hu\/wp-content\/uploads\/2023\/06\/Toyota-Corolla-Sedan-Comfort-no-background-ilusso-logo-1-1024x509.png 1024w, https:\/\/ilussorent.hu\/wp-content\/uploads\/2023\/06\/Toyota-Corolla-Sedan-Comfort-no-background-ilusso-logo-1-300x149.png 300w, https:\/\/ilussorent.hu\/wp-content\/uploads\/2023\/06\/Toyota-Corolla-Sedan-Comfort-no-background-ilusso-logo-1-768x382.png 768w, https:\/\/ilussorent.hu\/wp-content\/uploads\/2023\/06\/Toyota-Corolla-Sedan-Comfort-no-background-ilusso-logo-1-165x82.png 165w, https:\/\/ilussorent.hu\/wp-content\/uploads\/2023\/06\/Toyota-Corolla-Sedan-Comfort-no-background-ilusso-logo-1.png 1191w\" sizes=\"auto, (max-width: 600px) 100vw, 600px\" \/>\t\t\t\t\t\t\t\t\t\t\t\t\t\t\t<\/div>\n\t\t\t\t<\/div>\n\t\t\t\t\t<\/div>\n\t\t<\/div>\n\t\t\t\t\t\t\t<\/div>\n\t\t<\/section>\n\t\t\t\t<section data-particle_enable=\"false\" data-particle-mobile-disabled=\"false\" class=\"elementor-section elementor-top-section elementor-element elementor-element-0542ef4 elementor-section-full_width elementor-section-height-default elementor-section-height-default\" data-id=\"0542ef4\" data-element_type=\"section\" data-settings=\"{&quot;background_background&quot;:&quot;classic&quot;}\">\n\t\t\t\t\t\t<div class=\"elementor-container elementor-column-gap-default\">\n\t\t\t\t\t<div class=\"elementor-column elementor-col-50 elementor-top-column elementor-element elementor-element-9af1f68\" data-id=\"9af1f68\" data-element_type=\"column\">\n\t\t\t<div class=\"elementor-widget-wrap elementor-element-populated\">\n\t\t\t\t\t\t\t\t<div class=\"elementor-element elementor-element-3f7f594 elementor-hidden-tablet elementor-hidden-mobile elementor-widget elementor-widget-image\" data-id=\"3f7f594\" data-element_type=\"widget\" data-widget_type=\"image.default\">\n\t\t\t\t<div class=\"elementor-widget-container\">\n\t\t\t\t\t\t\t\t\t\t\t\t\t\t\t<img loading=\"lazy\" decoding=\"async\" width=\"600\" height=\"400\" src=\"https:\/\/ilussorent.hu\/wp-content\/uploads\/2023\/07\/oldalBal-copy-2-1024x683.png\" class=\"attachment-large size-large wp-image-23041\" alt=\"\" srcset=\"https:\/\/ilussorent.hu\/wp-content\/uploads\/2023\/07\/oldalBal-copy-2-1024x683.png 1024w, https:\/\/ilussorent.hu\/wp-content\/uploads\/2023\/07\/oldalBal-copy-2-300x200.png 300w, https:\/\/ilussorent.hu\/wp-content\/uploads\/2023\/07\/oldalBal-copy-2-768x512.png 768w, https:\/\/ilussorent.hu\/wp-content\/uploads\/2023\/07\/oldalBal-copy-2-165x110.png 165w, https:\/\/ilussorent.hu\/wp-content\/uploads\/2023\/07\/oldalBal-copy-2.png 1500w\" sizes=\"auto, (max-width: 600px) 100vw, 600px\" \/>\t\t\t\t\t\t\t\t\t\t\t\t\t\t\t<\/div>\n\t\t\t\t<\/div>\n\t\t\t\t\t<\/div>\n\t\t<\/div>\n\t\t\t\t<div class=\"elementor-column elementor-col-50 elementor-top-column elementor-element elementor-element-0eb6ed5\" data-id=\"0eb6ed5\" data-element_type=\"column\">\n\t\t\t<div class=\"elementor-widget-wrap elementor-element-populated\">\n\t\t\t\t\t\t\t\t<div class=\"elementor-element elementor-element-1a72525 eael-wpforms-labels-yes eael-wpforms-form-button-custom elementor-widget elementor-widget-eael-wpforms\" data-id=\"1a72525\" data-element_type=\"widget\" data-widget_type=\"eael-wpforms.default\">\n\t\t\t\t<div class=\"elementor-widget-container\">\n\t\t\t            <div class=\"eael-contact-form eael-wpforms eael-contact-form-align-default\">\n                                <div class=\"wpforms-container wpforms-container-full wpforms-render-modern\" id=\"wpforms-23236\"><form id=\"wpforms-form-23236\" class=\"wpforms-validate wpforms-form wpforms-ajax-form\" data-formid=\"23236\" method=\"post\" enctype=\"multipart\/form-data\" action=\"\/en\/wp-json\/wp\/v2\/pages\/23321\" data-token=\"c2bc216cbf904e89bb69120a47df4267\" data-trp-original-action=\"\/en\/wp-json\/wp\/v2\/pages\/23321\"><div class=\"wpforms-head-container\"><\/div><noscript class=\"wpforms-error-noscript\">Please enable JavaScript in your browser to complete this form.<\/noscript><div class=\"wpforms-hidden\" id=\"wpforms-error-noscript\">Please enable JavaScript in your browser to complete this form.<\/div><div class=\"wpforms-field-container\"><div id=\"wpforms-23236-field_4-container\" class=\"wpforms-field wpforms-field-layout\" data-field-id=\"4\"><label class=\"wpforms-field-label wpforms-label-hide\" for=\"wpforms-23236-field_4\" aria-hidden=\"false\">Layout<\/label><div class=\"wpforms-field-layout-columns wpforms-field-layout-preset-50-50\"><div class=\"wpforms-layout-column wpforms-layout-column-50\"><div id=\"wpforms-23236-field_1-container\" class=\"wpforms-field wpforms-field-text\" data-field-id=\"1\"><label class=\"wpforms-field-label\" for=\"wpforms-23236-field_1\">Name \/ Name of business<\/label><input type=\"text\" id=\"wpforms-23236-field_1\" class=\"wpforms-field-medium\" name=\"wpforms[fields][1]\" aria-errormessage=\"wpforms-23236-field_1-error\" ><\/div><div id=\"wpforms-23236-field_5-container\" class=\"wpforms-field wpforms-field-text\" data-field-id=\"5\"><label class=\"wpforms-field-label\" for=\"wpforms-23236-field_5\">Phone number<\/label><input type=\"text\" id=\"wpforms-23236-field_5\" class=\"wpforms-field-medium\" name=\"wpforms[fields][5]\" aria-errormessage=\"wpforms-23236-field_5-error\" ><\/div><\/div><div class=\"wpforms-layout-column wpforms-layout-column-50\"><div id=\"wpforms-23236-field_2-container\" class=\"wpforms-field wpforms-field-email\" data-field-id=\"2\"><label class=\"wpforms-field-label\" for=\"wpforms-23236-field_2\">E-mail <span class=\"wpforms-required-label\" aria-hidden=\"true\">*<\/span><\/label><input type=\"email\" id=\"wpforms-23236-field_2\" class=\"wpforms-field-medium wpforms-field-required\" name=\"wpforms[fields][2]\" spellcheck=\"false\" aria-errormessage=\"wpforms-23236-field_2-error\" required><\/div><div id=\"wpforms-23236-field_6-container\" class=\"wpforms-field wpforms-field-select wpforms-field-select-style-classic\" data-field-id=\"6\"><label class=\"wpforms-field-label\" for=\"wpforms-23236-field_6\">Selected model<\/label><select id=\"wpforms-23236-field_6\" class=\"wpforms-field-medium\" name=\"wpforms[fields][6]\"><option value=\"Ford Transit\" >Ford Transit<\/option><option value=\"Mercedes Sprinter\" >Mercedes Sprinter<\/option><option value=\"BMW X5\" >BMW X5<\/option><option value=\"BMW X6\" >BMW X6<\/option><option value=\"BMW X7\" >BMW X7<\/option><option value=\"BMW 530e\" >BMW 530e<\/option><\/select><\/div><\/div><\/div><\/div><div id=\"wpforms-23236-field_3-container\" class=\"wpforms-field wpforms-field-textarea\" data-field-id=\"3\"><label class=\"wpforms-field-label\" for=\"wpforms-23236-field_3\">Other message<\/label><textarea id=\"wpforms-23236-field_3\" class=\"wpforms-field-medium\" name=\"wpforms[fields][3]\" aria-errormessage=\"wpforms-23236-field_3-error\" ><\/textarea><\/div><\/div><!-- .wpforms-field-container --><div class=\"wpforms-submit-container\" ><input type=\"hidden\" name=\"wpforms[id]\" value=\"23236\"><input type=\"hidden\" name=\"wpforms[author]\" value=\"78\"><button type=\"submit\" name=\"wpforms[submit]\" id=\"wpforms-submit-23236\" class=\"wpforms-submit\" data-alt-text=\"K\u00fcld\u00e9s...\" data-submit-text=\"Aj\u00e1nlatk\u00e9r\u00e9s elk\u00fcld\u00e9se\" aria-live=\"assertive\" value=\"wpforms-submit\">Send<\/button><img loading=\"lazy\" decoding=\"async\" src=\"https:\/\/ilussorent.hu\/wp-content\/plugins\/wpforms\/assets\/images\/submit-spin.svg\" class=\"wpforms-submit-spinner\" style=\"display: none;\" width=\"26\" height=\"26\" alt=\"Loading\"><\/div><input type=\"hidden\" name=\"trp-form-language\" value=\"en\"\/><\/form><\/div>  <!-- .wpforms-container -->            <\/div>\n\t\t<\/div>\n\t\t\t\t<\/div>\n\t\t\t\t\t<\/div>\n\t\t<\/div>\n\t\t\t\t\t\t\t<\/div>\n\t\t<\/section>\n\t\t\t\t\t\t\t<\/div>","protected":false},"excerpt":{"rendered":"<p>ADATV\u00c9DELMI NYILATKOZAT 1. Bevezet\u0151 Az ilussorent.hu &#8211; a tov\u00e1bbiakban: Weblap &#8211; \u00fczemeltet\u0151je az Ilusso Rental Kft. (a tov\u00e1bbiakban: Adatkezel\u0151 ), mint Adatkezel\u0151 jelen Adatv\u00e9delmi Nyilatkozat \u00e9s Adatkezel\u00e9si T\u00e1j\u00e9koztat\u00f3 ( a tov\u00e1bbiakban: Adatv\u00e9delmi Nyilatkozat) k\u00f6zz\u00e9t\u00e9tel\u00e9vel ismerteti az adatkezel\u00e9s\u00e9re vonatkoz\u00f3 elveit, melyeket az Adatkezel\u0151 mag\u00e1ra n\u00e9zve k\u00f6telez\u0151 \u00e9rv\u00e9ny\u0171nek ismer el. Az Adatkezel\u0151 minden t\u0151le \u00e9sszer\u0171en elv\u00e1rhat\u00f3 int\u00e9zked\u00e9st [&hellip;]<\/p>","protected":false},"author":78,"featured_media":0,"parent":0,"menu_order":0,"comment_status":"closed","ping_status":"closed","template":"","meta":{"footnotes":""},"class_list":["post-23321","page","type-page","status-publish","hentry"],"_links":{"self":[{"href":"https:\/\/ilussorent.hu\/en\/wp-json\/wp\/v2\/pages\/23321","targetHints":{"allow":["GET"]}}],"collection":[{"href":"https:\/\/ilussorent.hu\/en\/wp-json\/wp\/v2\/pages"}],"about":[{"href":"https:\/\/ilussorent.hu\/en\/wp-json\/wp\/v2\/types\/page"}],"author":[{"embeddable":true,"href":"https:\/\/ilussorent.hu\/en\/wp-json\/wp\/v2\/users\/78"}],"replies":[{"embeddable":true,"href":"https:\/\/ilussorent.hu\/en\/wp-json\/wp\/v2\/comments?post=23321"}],"version-history":[{"count":5,"href":"https:\/\/ilussorent.hu\/en\/wp-json\/wp\/v2\/pages\/23321\/revisions"}],"predecessor-version":[{"id":23429,"href":"https:\/\/ilussorent.hu\/en\/wp-json\/wp\/v2\/pages\/23321\/revisions\/23429"}],"wp:attachment":[{"href":"https:\/\/ilussorent.hu\/en\/wp-json\/wp\/v2\/media?parent=23321"}],"curies":[{"name":"wp","href":"https:\/\/api.w.org\/{rel}","templated":true}]}}